{"id":648,"date":"2019-11-02T15:08:16","date_gmt":"2019-11-02T12:08:16","guid":{"rendered":"https:\/\/lisanskongre.phil.metu.edu.tr\/?page_id=648"},"modified":"2019-11-02T23:27:48","modified_gmt":"2019-11-02T20:27:48","slug":"neden-katilmaliyim","status":"publish","type":"page","link":"http:\/\/lisanskongre.phil.metu.edu.tr\/tr\/neden-katilmaliyim\/","title":{"rendered":"Neden Kat\u0131lmal\u0131y\u0131m"},"content":{"rendered":"\n<p><strong>\u015e\u0130MD\u0130YE\nKADAR HERHANG\u0130 B\u0130R HAKEML\u0130 KONFERANSA KATILMAMI\u015e OLAN DOSTLARIMIZ \u0130\u00c7\u0130N AKADEM\u0130K\nKONFERANSLARA NEDEN KATILINMASI GEREKT\u0130\u011e\u0130NE DA\u0130R B\u0130R D\u0130Z\u0130 GEREK\u00c7E<\/strong><\/p>\n\n\n\n<p>Lisans\nhayat\u0131n\u0131n ilk a\u015famalar\u0131nda her lisans \u00f6\u011frencisi \u015fu soruyu kendi kendisine\nsormaktad\u0131r: Acaba ben herhangi bir akademik konferansa kat\u0131lmal\u0131 m\u0131y\u0131m? Bu\nsoru hemen \u015fu ve benzeri sorular\u0131 da g\u00fcndeme getirir: Peki, acaba benim\nger\u00e7ekten de sunmaya de\u011fer herhangi bir \u015feyim var m\u0131? Ben acaba sadece\nalan-yaz\u0131n taramam\u0131 ve kuramsal \u00e7er\u00e7evemi sunabilir miyim? Yoksa \u00e7al\u0131\u015fmalar\u0131m\nilk somut sonu\u00e7lar\u0131na ula\u015fana kadar beklemeli miyim? Belki de ilk \u00f6nce bolca\n\u00e7al\u0131\u015ftaylara ve lisans konferanslar\u0131na giderek akranlar\u0131m \u00f6n\u00fcnde sunum yapma\ntecr\u00fcbesi kazanmal\u0131y\u0131m. Ard\u0131ndan daha sonra k\u0131demli akademik konferanslara\nge\u00e7i\u015f yapar\u0131m.<\/p>\n\n\n\n<p>Bu\n\u00e7ekinceler kesinlikle do\u011fald\u0131r. Ve hepimiz akademik ya\u015fant\u0131m\u0131z\u0131n kimi\nu\u011fraklar\u0131nda bu \u00e7ekinceleri ya\u015far\u0131z. Fakat ne kadar erken ba\u015flarsan\u0131z ve\ndoktoran\u0131z\u0131n son g\u00fcnlerine kadar beklememekte ne kadar \u0131srarc\u0131 olursan\u0131z sizin\ni\u00e7in o kadar faydal\u0131 olacakt\u0131r. Elbette, sunulabilecek bir \u015feylere sahip olmak\n\u00f6nemlidir. E\u011fer fikirleriniz hakk\u0131nda kafan\u0131z \u00e7ok kar\u0131\u015f\u0131k ise bu tarzda\nd\u00fczenlenen konferanslara gitmeyiniz. Fakat yine de e\u011fer elinizde olan\nalan-yaz\u0131n taramas\u0131, kuramsal \u00e7er\u00e7eve ve birka\u00e7 hipotez ise, bu ba\u015flang\u0131\u00e7 i\u00e7in\nyeterlidir. Bir \u00f6zet yaz\u0131n\u0131z ve \u015fans\u0131n\u0131z\u0131 deneyiniz. Konferans hakem ve\nd\u00fczenleme kurulunun dikkatini \u00e7ekebilecek bir \u00f6zet yazmay\u0131 ba\u015farmak bir\nmaharettir ve o mahareti geli\u015ftirmeye m\u00fcmk\u00fcn oldu\u011funca erken ba\u015flanmal\u0131d\u0131r.<\/p>\n\n\n\n<p>Di\u011fer bir\nkazan\u0131lmas\u0131 gereken beceri de akademik \u00e7evreleri tan\u0131mak ve onlar taraf\u0131ndan\ntan\u0131nmakt\u0131r. Konferanslar bunun i\u00e7in en m\u00fckemmel yerlerdir.<\/p>\n\n\n\n<p>Di\u011fer\ninsanlar\u0131n sunumlar\u0131na kat\u0131larak becerilerinizi bileyecek ipu\u00e7lar\u0131 edinebilir\nve alana dair mevcut bilginizi geni\u015fletip derinle\u015ftirebilecek \u015feyler\n\u00f6\u011frenebilirsiniz. Ayr\u0131ca, onlar\u0131n \u00e7al\u0131\u015fmalar\u0131 ile yak\u0131n temas kurmak, onlara\nsorular sormak ve hatta konferanstan sonra gidip onlarla \u015fahsen g\u00f6r\u00fc\u015fmek de\nolduk\u00e7a \u00f6nem ta\u015f\u0131maktad\u0131r.<\/p>\n\n\n\n<p>Akademide a\u011f\nolu\u015fturmak \u00e7ok \u00f6nemli, hatta hayatidir. Bu, edit\u00f6rl\u00fc kitaplar, hakemli\ndergilerin \u00f6zel say\u0131lar\u0131 ve fon ba\u015fvurular\u0131 t\u00fcr\u00fcnden ortak ara\u015ft\u0131rma\nprojelerine davet edilebilmenin en etkili y\u00f6ntemidir.<\/p>\n\n\n\n<p>A\u011f kurmak\nakademide i\u015f bulabilmenin p\u00fcf noktalar\u0131ndan biridir. Pek \u00e7ok \u00fclkede, asl\u0131nda\ni\u015fe al\u0131m s\u00fcreci saydam ve liyakate dayal\u0131 olsa da, benzer i\u015f \u00f6zge\u00e7mi\u015fine sahip\nba\u015fvurular aras\u0131nda se\u00e7ici ekibin daha \u00f6nceden tan\u0131d\u0131\u011f\u0131 ve birlikte ortak i\u015f\nyapt\u0131\u011f\u0131 birilerinde karar k\u0131lmas\u0131 olas\u0131d\u0131r. Yani, akademik \u00e7al\u0131\u015fma d\u0131\u015far\u0131dan\nolduk\u00e7a bireysel g\u00f6z\u00fckse de, asl\u0131nda i\u00e7erisinde ciddi bir sosyal boyut da\nbar\u0131nd\u0131rmaktad\u0131r.<\/p>\n\n\n\n<p>\u0130\u015fte t\u00fcm bu\nnedenlerden \u00f6t\u00fcr\u00fc, korku ve ku\u015fkular\u0131n\u0131z\u0131n \u00fcstesinden geliniz ve e\u011fitiminizin\nerken a\u015famalar\u0131nda akademik konferanslara kat\u0131lma cesaretini g\u00f6steriniz. Ve\nbunu her y\u0131l en az bir kere tekrarlama kararl\u0131\u011f\u0131nda olunuz.<\/p>\n\n\n\n<p>Bunun\nfaydalar\u0131, ilk ba\u015fta sahip oldu\u011funuz korku ve \u00e7ekinceleri yenmeye \u00e7al\u0131\u015f\u0131rken\nya\u015fayabilece\u011finiz s\u0131k\u0131nt\u0131lardan \u00e7ok daha b\u00fcy\u00fck olacakt\u0131r.<strong><em>Kaynak:<\/em><\/strong><em>&nbsp;http:\/\/www.uaces.org\/resources\/the-great-benefits-of-attending-academic-conferences\nadresinden serbest stil \u00e7evrilmi\u015ftir.<\/em><\/p>\n","protected":false},"excerpt":{"rendered":"<p>\u015e\u0130MD\u0130YE KADAR HERHANG\u0130 B\u0130R HAKEML\u0130 KONFERANSA KATILMAMI\u015e OLAN DOSTLARIMIZ \u0130\u00c7\u0130N AKADEM\u0130K KONFERANSLARA NEDEN KATILINMASI GEREKT\u0130\u011e\u0130NE DA\u0130R B\u0130R D\u0130Z\u0130 GEREK\u00c7E Lisans hayat\u0131n\u0131n ilk a\u015famalar\u0131nda her lisans \u00f6\u011frencisi \u015fu soruyu kendi kendisine sormaktad\u0131r: Acaba ben herhangi bir akademik konferansa kat\u0131lmal\u0131 m\u0131y\u0131m? Bu soru hemen \u015fu ve benzeri sorular\u0131 da g\u00fcndeme getirir: Peki, &#8230;<\/p>\n","protected":false},"author":4157,"featured_media":0,"parent":0,"menu_order":0,"comment_status":"closed","ping_status":"closed","template":"","meta":{"footnotes":"","_links_to":"","_links_to_target":""},"class_list":["post-648","page","type-page","status-publish","hentry","column","twocol"],"_links":{"self":[{"href":"http:\/\/lisanskongre.phil.metu.edu.tr\/tr\/wp-json\/wp\/v2\/pages\/648","targetHints":{"allow":["GET"]}}],"collection":[{"href":"http:\/\/lisanskongre.phil.metu.edu.tr\/tr\/wp-json\/wp\/v2\/pages"}],"about":[{"href":"http:\/\/lisanskongre.phil.metu.edu.tr\/tr\/wp-json\/wp\/v2\/types\/page"}],"author":[{"embeddable":true,"href":"http:\/\/lisanskongre.phil.metu.edu.tr\/tr\/wp-json\/wp\/v2\/users\/4157"}],"replies":[{"embeddable":true,"href":"http:\/\/lisanskongre.phil.metu.edu.tr\/tr\/wp-json\/wp\/v2\/comments?post=648"}],"version-history":[{"count":0,"href":"http:\/\/lisanskongre.phil.metu.edu.tr\/tr\/wp-json\/wp\/v2\/pages\/648\/revisions"}],"wp:attachment":[{"href":"http:\/\/lisanskongre.phil.metu.edu.tr\/tr\/wp-json\/wp\/v2\/media?parent=648"}],"curies":[{"name":"wp","href":"https:\/\/api.w.org\/{rel}","templated":true}]}}